{"id":11,"date":"2025-11-27T12:27:59","date_gmt":"2025-11-27T12:27:59","guid":{"rendered":"https:\/\/steelblue-seal-322854.hostingersite.com\/?page_id=11"},"modified":"2026-04-06T18:27:30","modified_gmt":"2026-04-06T18:27:30","slug":"elementor-11","status":"publish","type":"page","link":"https:\/\/adefis.eu\/es\/","title":{"rendered":"Inicio"},"content":{"rendered":"\t\t<div data-elementor-type=\"wp-page\" data-elementor-id=\"11\" class=\"elementor elementor-11\" data-elementor-post-type=\"page\">\n\t\t\t\t<div class=\"elementor-element elementor-element-16ca7fb e-flex e-con-boxed e-con e-parent\" data-id=\"16ca7fb\" data-element_type=\"container\" data-e-type=\"container\" data-settings=\"{&quot;jet_parallax_layout_list&quot;:[]}\">\n\t\t\t\t\t<div class=\"e-con-inner\">\n\t\t\t\t<div class=\"elementor-element elementor-element-12fd3e6 elementor-invisible elementor-widget elementor-widget-heading\" data-id=\"12fd3e6\" data-element_type=\"widget\" data-e-type=\"widget\" data-settings=\"{&quot;_animation&quot;:&quot;fadeIn&quot;}\" data-widget_type=\"heading.default\">\n\t\t\t\t\t<h2 class=\"elementor-heading-title elementor-size-default\">Empoderando a los j\u00f3venes a trav\u00e9s \ndel voluntariado y la cooperaci\u00f3n \ninternacional<\/h2>\t\t\t\t<\/div>\n\t\t\t\t<div class=\"elementor-element elementor-element-15b7923 elementor-widget elementor-widget-text-editor\" data-id=\"15b7923\" data-element_type=\"widget\" data-e-type=\"widget\" data-widget_type=\"text-editor.default\">\n\t\t\t\t\t\t\t\t\t<p>Adefis Juventud Internacional crea oportunidades para que los j\u00f3venes aprendan, participen como voluntarios y crezcan a trav\u00e9s de programas internacionales y proyectos comunitarios.<\/p>\t\t\t\t\t\t\t\t<\/div>\n\t\t<div class=\"elementor-element elementor-element-8961430 e-con-full e-flex elementor-invisible e-con e-child\" data-id=\"8961430\" data-element_type=\"container\" data-e-type=\"container\" data-settings=\"{&quot;jet_parallax_layout_list&quot;:[],&quot;animation&quot;:&quot;slideInUp&quot;}\">\n\t\t\t\t<div class=\"elementor-element elementor-element-e40b072 elementor-widget elementor-widget-jet-button\" data-id=\"e40b072\" data-element_type=\"widget\" data-e-type=\"widget\" data-widget_type=\"jet-button.default\">\n\t\t\t\t<div class=\"elementor-widget-container\">\n\t\t\t\t\t<div class=\"elementor-jet-button jet-elements\"><div class=\"jet-button__container\">\n\t<a class=\"jet-button__instance jet-button__instance--icon-left hover-effect-1\" href=\"#\">\n\t\t<div class=\"jet-button__plane jet-button__plane-normal\"><\/div>\n\t\t<div class=\"jet-button__plane jet-button__plane-hover\"><\/div>\n\t\t<div class=\"jet-button__state jet-button__state-normal\">\n\t\t\t<span class=\"jet-button__label\">Explorar oportunidades de voluntariado<\/span>\t\t<\/div>\n\t\t<div class=\"jet-button__state jet-button__state-hover\">\n\t\t\t<span class=\"jet-button__label\">Explorar oportunidades de voluntariado<\/span>\t\t<\/div>\n\t<\/a>\n<\/div>\n<\/div>\t\t\t\t<\/div>\n\t\t\t\t<\/div>\n\t\t\t\t<div class=\"elementor-element elementor-element-75a101d elementor-widget elementor-widget-jet-button\" data-id=\"75a101d\" data-element_type=\"widget\" data-e-type=\"widget\" data-widget_type=\"jet-button.default\">\n\t\t\t\t<div class=\"elementor-widget-container\">\n\t\t\t\t\t<div class=\"elementor-jet-button jet-elements\"><div class=\"jet-button__container\">\n\t<a class=\"jet-button__instance jet-button__instance--icon-left hover-effect-1\" href=\"#\">\n\t\t<div class=\"jet-button__plane jet-button__plane-normal\"><\/div>\n\t\t<div class=\"jet-button__plane jet-button__plane-hover\"><\/div>\n\t\t<div class=\"jet-button__state jet-button__state-normal\">\n\t\t\t<span class=\"jet-button__label\">Explorar oportunidades de voluntariado<\/span>\t\t<\/div>\n\t\t<div class=\"jet-button__state jet-button__state-hover\">\n\t\t\t<span class=\"jet-button__label\">Explorar oportunidades de voluntariado<\/span>\t\t<\/div>\n\t<\/a>\n<\/div>\n<\/div>\t\t\t\t<\/div>\n\t\t\t\t<\/div>\n\t\t\t\t<\/div>\n\t\t\t\t\t<\/div>\n\t\t\t\t<\/div>\n\t\t<div class=\"elementor-element elementor-element-d4a50a7 e-con-full e-flex elementor-invisible e-con e-parent\" data-id=\"d4a50a7\" data-element_type=\"container\" data-e-type=\"container\" data-settings=\"{&quot;jet_parallax_layout_list&quot;:[],&quot;animation&quot;:&quot;fadeIn&quot;}\">\n\t\t<div class=\"elementor-element elementor-element-f17470c e-flex e-con-boxed e-con e-child\" data-id=\"f17470c\" data-element_type=\"container\" data-e-type=\"container\" data-settings=\"{&quot;background_background&quot;:&quot;classic&quot;,&quot;jet_parallax_layout_list&quot;:[]}\">\n\t\t\t\t\t<div class=\"e-con-inner\">\n\t\t<div class=\"elementor-element elementor-element-b8de5d3 e-con-full e-flex e-con e-child\" data-id=\"b8de5d3\" data-element_type=\"container\" data-e-type=\"container\" data-settings=\"{&quot;background_background&quot;:&quot;classic&quot;,&quot;jet_parallax_layout_list&quot;:[]}\">\n\t\t\t\t<div class=\"elementor-element elementor-element-e7bc0cb elementor-widget__width-inherit elementor-widget elementor-widget-image\" data-id=\"e7bc0cb\" data-element_type=\"widget\" data-e-type=\"widget\" data-widget_type=\"image.default\">\n\t\t\t\t\t\t\t\t\t\t\t\t\t\t\t<img fetchpriority=\"high\" decoding=\"async\" width=\"2560\" height=\"642\" src=\"https:\/\/adefis.eu\/wp-content\/uploads\/2026\/03\/Frame-30-scaled.png\" class=\"attachment-full size-full wp-image-280\" alt=\"\" srcset=\"https:\/\/adefis.eu\/wp-content\/uploads\/2026\/03\/Frame-30-scaled.png 2560w, https:\/\/adefis.eu\/wp-content\/uploads\/2026\/03\/Frame-30-300x75.png 300w, https:\/\/adefis.eu\/wp-content\/uploads\/2026\/03\/Frame-30-1024x257.png 1024w, https:\/\/adefis.eu\/wp-content\/uploads\/2026\/03\/Frame-30-768x193.png 768w, https:\/\/adefis.eu\/wp-content\/uploads\/2026\/03\/Frame-30-1536x385.png 1536w, https:\/\/adefis.eu\/wp-content\/uploads\/2026\/03\/Frame-30-2048x513.png 2048w, https:\/\/adefis.eu\/wp-content\/uploads\/2026\/03\/Frame-30-18x5.png 18w\" sizes=\"(max-width: 2560px) 100vw, 2560px\" \/>\t\t\t\t\t\t\t\t\t\t\t\t\t\t\t<\/div>\n\t\t\t\t<\/div>\n\t\t<div class=\"elementor-element elementor-element-2c57400 e-con-full e-flex e-con e-child\" data-id=\"2c57400\" data-element_type=\"container\" data-e-type=\"container\" data-settings=\"{&quot;background_background&quot;:&quot;classic&quot;,&quot;jet_parallax_layout_list&quot;:[]}\">\n\t\t\t\t<div class=\"elementor-element elementor-element-5045959 elementor-invisible elementor-widget elementor-widget-image\" data-id=\"5045959\" data-element_type=\"widget\" data-e-type=\"widget\" data-settings=\"{&quot;_animation&quot;:&quot;fadeIn&quot;}\" data-widget_type=\"image.default\">\n\t\t\t\t\t\t\t\t\t\t\t\t\t\t\t<img decoding=\"async\" width=\"647\" height=\"328\" src=\"https:\/\/adefis.eu\/wp-content\/uploads\/2026\/03\/Frame-53.png\" class=\"attachment-full size-full wp-image-272\" alt=\"\" srcset=\"https:\/\/adefis.eu\/wp-content\/uploads\/2026\/03\/Frame-53.png 647w, https:\/\/adefis.eu\/wp-content\/uploads\/2026\/03\/Frame-53-300x152.png 300w, https:\/\/adefis.eu\/wp-content\/uploads\/2026\/03\/Frame-53-18x9.png 18w\" sizes=\"(max-width: 647px) 100vw, 647px\" \/>\t\t\t\t\t\t\t\t\t\t\t\t\t\t\t<\/div>\n\t\t\t\t<div class=\"elementor-element elementor-element-9f4ef90 elementor-invisible elementor-widget elementor-widget-heading\" data-id=\"9f4ef90\" data-element_type=\"widget\" data-e-type=\"widget\" data-settings=\"{&quot;_animation&quot;:&quot;fadeInUp&quot;}\" data-widget_type=\"heading.default\">\n\t\t\t\t\t<h2 class=\"elementor-heading-title elementor-size-default\">Qu\u00e9 Hacemos<\/h2>\t\t\t\t<\/div>\n\t\t\t\t<div class=\"elementor-element elementor-element-9099618 elementor-widget__width-initial elementor-invisible elementor-widget elementor-widget-text-editor\" data-id=\"9099618\" data-element_type=\"widget\" data-e-type=\"widget\" data-settings=\"{&quot;_animation&quot;:&quot;fadeInUp&quot;}\" data-widget_type=\"text-editor.default\">\n\t\t\t\t\t\t\t\t\t<p>Adefis Juventud Internacional trabaja para crear oportunidades significativas para que los j\u00f3venes aprendan, conecten y contribuyan a la sociedad. A trav\u00e9s de programas internacionales, iniciativas educativas y proyectos de voluntariado, apoyamos a los j\u00f3venes en el desarrollo de habilidades, el intercambio intercultural y la participaci\u00f3n activa en sus comunidades.<\/p>\t\t\t\t\t\t\t\t<\/div>\n\t\t\t\t<\/div>\n\t\t\t\t\t<\/div>\n\t\t\t\t<\/div>\n\t\t\t\t<\/div>\n\t\t<div class=\"elementor-element elementor-element-7e1fb82 e-con-full e-flex e-con e-parent\" data-id=\"7e1fb82\" data-element_type=\"container\" data-e-type=\"container\" data-settings=\"{&quot;background_background&quot;:&quot;classic&quot;,&quot;shape_divider_top&quot;:&quot;mountains&quot;,&quot;jet_parallax_layout_list&quot;:[]}\">\n\t\t\t\t<div class=\"elementor-shape elementor-shape-top\" aria-hidden=\"true\" data-negative=\"false\">\n\t\t\t<svg xmlns=\"http:\/\/www.w3.org\/2000\/svg\" viewBox=\"0 0 1000 100\" preserveAspectRatio=\"none\">\n\t<path class=\"elementor-shape-fill\" opacity=\"0.33\" d=\"M473,67.3c-203.9,88.3-263.1-34-320.3,0C66,119.1,0,59.7,0,59.7V0h1000v59.7 c0,0-62.1,26.1-94.9,29.3c-32.8,3.3-62.8-12.3-75.8-22.1C806,49.6,745.3,8.7,694.9,4.7S492.4,59,473,67.3z\"\/>\n\t<path class=\"elementor-shape-fill\" opacity=\"0.66\" d=\"M734,67.3c-45.5,0-77.2-23.2-129.1-39.1c-28.6-8.7-150.3-10.1-254,39.1 s-91.7-34.4-149.2,0C115.7,118.3,0,39.8,0,39.8V0h1000v36.5c0,0-28.2-18.5-92.1-18.5C810.2,18.1,775.7,67.3,734,67.3z\"\/>\n\t<path class=\"elementor-shape-fill\" d=\"M766.1,28.9c-200-57.5-266,65.5-395.1,19.5C242,1.8,242,5.4,184.8,20.6C128,35.8,132.3,44.9,89.9,52.5C28.6,63.7,0,0,0,0 h1000c0,0-9.9,40.9-83.6,48.1S829.6,47,766.1,28.9z\"\/>\n<\/svg>\t\t<\/div>\n\t\t<div class=\"elementor-element elementor-element-9d85c44 e-flex e-con-boxed e-con e-child\" data-id=\"9d85c44\" data-element_type=\"container\" data-e-type=\"container\" data-settings=\"{&quot;jet_parallax_layout_list&quot;:[]}\">\n\t\t\t\t\t<div class=\"e-con-inner\">\n\t\t\t\t<div class=\"elementor-element elementor-element-14e5db8 elementor-widget elementor-widget-heading\" data-id=\"14e5db8\" data-element_type=\"widget\" data-e-type=\"widget\" data-widget_type=\"heading.default\">\n\t\t\t\t\t<h2 class=\"elementor-heading-title elementor-size-default\">Qu\u00e9 Hacemos<\/h2>\t\t\t\t<\/div>\n\t\t\t\t<div class=\"elementor-element elementor-element-42d5e62 elementor-widget__width-initial elementor-widget elementor-widget-text-editor\" data-id=\"42d5e62\" data-element_type=\"widget\" data-e-type=\"widget\" data-widget_type=\"text-editor.default\">\n\t\t\t\t\t\t\t\t\t<p>Adefis Juventud Internacional trabaja para crear oportunidades significativas para que los j\u00f3venes aprendan, conecten y contribuyan a la sociedad. A trav\u00e9s de programas internacionales, iniciativas educativas y proyectos de voluntariado, apoyamos a los j\u00f3venes en el desarrollo de habilidades, el intercambio intercultural y la participaci\u00f3n activa en sus comunidades.<\/p>\t\t\t\t\t\t\t\t<\/div>\n\t\t\t\t\t<\/div>\n\t\t\t\t<\/div>\n\t\t\t\t<\/div>\n\t\t<div class=\"elementor-element elementor-element-806561f e-con-full stack-outer e-flex e-con e-parent\" data-id=\"806561f\" data-element_type=\"container\" data-e-type=\"container\" data-settings=\"{&quot;jet_parallax_layout_list&quot;:[],&quot;background_background&quot;:&quot;classic&quot;}\">\n\t\t<div class=\"elementor-element elementor-element-97b7bd7 stack-pin e-con-full e-flex e-con e-child\" data-id=\"97b7bd7\" data-element_type=\"container\" data-e-type=\"container\" data-settings=\"{&quot;jet_parallax_layout_list&quot;:[],&quot;background_background&quot;:&quot;classic&quot;}\">\n\t\t<div class=\"jet-sticky-column elementor-element elementor-element-fc86c1b stack-panel p-1 e-flex e-con-boxed e-con e-child\" data-jet-settings=\"{&quot;id&quot;:&quot;fc86c1b&quot;,&quot;sticky&quot;:true,&quot;topSpacing&quot;:0,&quot;bottomSpacing&quot;:0,&quot;stickyOn&quot;:[&quot;desktop&quot;,&quot;tablet&quot;],&quot;behavior&quot;:&quot;default&quot;,&quot;zIndex&quot;:1100}\" data-id=\"fc86c1b\" data-element_type=\"container\" data-e-type=\"container\" data-settings=\"{&quot;jet_parallax_layout_list&quot;:[],&quot;background_background&quot;:&quot;classic&quot;}\">\n\t\t\t\t\t<div class=\"e-con-inner\">\n\t\t<div class=\"elementor-element elementor-element-23b2907 e-con-full e-flex e-con e-child\" data-id=\"23b2907\" data-element_type=\"container\" data-e-type=\"container\" data-settings=\"{&quot;jet_parallax_layout_list&quot;:[]}\">\n\t\t\t\t<div class=\"elementor-element elementor-element-6426517 elementor-widget elementor-widget-heading\" data-id=\"6426517\" data-element_type=\"widget\" data-e-type=\"widget\" data-widget_type=\"heading.default\">\n\t\t\t\t\t<h2 class=\"elementor-heading-title elementor-size-default\">Program 1<\/h2>\t\t\t\t<\/div>\n\t\t\t\t<\/div>\n\t\t<div class=\"elementor-element elementor-element-68a7625 e-con-full e-flex e-con e-child\" data-id=\"68a7625\" data-element_type=\"container\" data-e-type=\"container\" data-settings=\"{&quot;jet_parallax_layout_list&quot;:[]}\">\n\t\t<div class=\"elementor-element elementor-element-34334e5 e-con-full e-flex e-con e-child\" data-id=\"34334e5\" data-element_type=\"container\" data-e-type=\"container\" data-settings=\"{&quot;jet_parallax_layout_list&quot;:[]}\">\n\t\t\t\t<div class=\"elementor-element elementor-element-413c72f elementor-widget elementor-widget-heading\" data-id=\"413c72f\" data-element_type=\"widget\" data-e-type=\"widget\" data-widget_type=\"heading.default\">\n\t\t\t\t\t<h2 class=\"elementor-heading-title elementor-size-default\">Desarrollo de la juventud<\/h2>\t\t\t\t<\/div>\n\t\t\t\t<div class=\"elementor-element elementor-element-cde5937 elementor-widget elementor-widget-text-editor\" data-id=\"cde5937\" data-element_type=\"widget\" data-e-type=\"widget\" data-widget_type=\"text-editor.default\">\n\t\t\t\t\t\t\t\t\t<p>Organizamos talleres, formaciones y actividades educativas dise\u00f1adas para ayudar a los j\u00f3venes a desarrollar habilidades pr\u00e1cticas, confianza y capacidades de liderazgo. Estas iniciativas apoyan el desarrollo personal y preparan a los participantes para futuras oportunidades acad\u00e9micas y profesionales.<\/p>\t\t\t\t\t\t\t\t<\/div>\n\t\t\t\t<\/div>\n\t\t\t\t<div class=\"elementor-element elementor-element-2ec3034 elementor-widget elementor-widget-image\" data-id=\"2ec3034\" data-element_type=\"widget\" data-e-type=\"widget\" data-widget_type=\"image.default\">\n\t\t\t\t\t\t\t\t\t\t\t\t\t\t\t<img decoding=\"async\" width=\"683\" height=\"1024\" src=\"https:\/\/adefis.eu\/wp-content\/uploads\/2026\/04\/Youth-development-and-leadership-activities-683x1024.png\" class=\"attachment-large size-large wp-image-323\" alt=\"\" srcset=\"https:\/\/adefis.eu\/wp-content\/uploads\/2026\/04\/Youth-development-and-leadership-activities-683x1024.png 683w, https:\/\/adefis.eu\/wp-content\/uploads\/2026\/04\/Youth-development-and-leadership-activities-200x300.png 200w, https:\/\/adefis.eu\/wp-content\/uploads\/2026\/04\/Youth-development-and-leadership-activities-768x1152.png 768w, https:\/\/adefis.eu\/wp-content\/uploads\/2026\/04\/Youth-development-and-leadership-activities-8x12.png 8w, https:\/\/adefis.eu\/wp-content\/uploads\/2026\/04\/Youth-development-and-leadership-activities.png 1024w\" sizes=\"(max-width: 683px) 100vw, 683px\" \/>\t\t\t\t\t\t\t\t\t\t\t\t\t\t\t<\/div>\n\t\t\t\t<\/div>\n\t\t\t\t\t<\/div>\n\t\t\t\t<\/div>\n\t\t<div class=\"jet-sticky-column elementor-element elementor-element-1a88018 stack-panel p-2 e-flex e-con-boxed e-con e-child\" data-jet-settings=\"{&quot;id&quot;:&quot;1a88018&quot;,&quot;sticky&quot;:true,&quot;topSpacing&quot;:0,&quot;bottomSpacing&quot;:0,&quot;stickyOn&quot;:[&quot;desktop&quot;,&quot;tablet&quot;],&quot;behavior&quot;:&quot;default&quot;,&quot;zIndex&quot;:1100}\" data-id=\"1a88018\" data-element_type=\"container\" data-e-type=\"container\" data-settings=\"{&quot;jet_parallax_layout_list&quot;:[],&quot;background_background&quot;:&quot;classic&quot;}\">\n\t\t\t\t\t<div class=\"e-con-inner\">\n\t\t<div class=\"elementor-element elementor-element-792c866 e-con-full e-flex e-con e-child\" data-id=\"792c866\" data-element_type=\"container\" data-e-type=\"container\" data-settings=\"{&quot;jet_parallax_layout_list&quot;:[]}\">\n\t\t\t\t<div class=\"elementor-element elementor-element-039fd2c elementor-widget elementor-widget-heading\" data-id=\"039fd2c\" data-element_type=\"widget\" data-e-type=\"widget\" data-widget_type=\"heading.default\">\n\t\t\t\t\t<h2 class=\"elementor-heading-title elementor-size-default\">Program 2<\/h2>\t\t\t\t<\/div>\n\t\t\t\t<\/div>\n\t\t<div class=\"elementor-element elementor-element-8b2aca0 e-con-full e-flex e-con e-child\" data-id=\"8b2aca0\" data-element_type=\"container\" data-e-type=\"container\" data-settings=\"{&quot;jet_parallax_layout_list&quot;:[]}\">\n\t\t<div class=\"elementor-element elementor-element-b9ae99a e-con-full e-flex e-con e-child\" data-id=\"b9ae99a\" data-element_type=\"container\" data-e-type=\"container\" data-settings=\"{&quot;jet_parallax_layout_list&quot;:[]}\">\n\t\t\t\t<div class=\"elementor-element elementor-element-5456f3c elementor-widget elementor-widget-heading\" data-id=\"5456f3c\" data-element_type=\"widget\" data-e-type=\"widget\" data-widget_type=\"heading.default\">\n\t\t\t\t\t<h2 class=\"elementor-heading-title elementor-size-default\">Movilidad internacional<\/h2>\t\t\t\t<\/div>\n\t\t\t\t<div class=\"elementor-element elementor-element-33a0691 elementor-widget elementor-widget-text-editor\" data-id=\"33a0691\" data-element_type=\"widget\" data-e-type=\"widget\" data-widget_type=\"text-editor.default\">\n\t\t\t\t\t\t\t\t\t<p>Adefis promueve la movilidad internacional creando oportunidades para que los j\u00f3venes participen en intercambios, programas formativos y experiencias de voluntariado en toda Europa. Estos programas fomentan la comprensi\u00f3n intercultural, la colaboraci\u00f3n y el crecimiento personal.<\/p>\t\t\t\t\t\t\t\t<\/div>\n\t\t\t\t<\/div>\n\t\t\t\t<div class=\"elementor-element elementor-element-535e9ae elementor-widget elementor-widget-image\" data-id=\"535e9ae\" data-element_type=\"widget\" data-e-type=\"widget\" data-widget_type=\"image.default\">\n\t\t\t\t\t\t\t\t\t\t\t\t\t\t\t<img loading=\"lazy\" decoding=\"async\" width=\"683\" height=\"1024\" src=\"https:\/\/adefis.eu\/wp-content\/uploads\/2026\/04\/Promoviendo-la-movilidad-internacional-juvenil-683x1024.png\" class=\"attachment-large size-large wp-image-325\" alt=\"\" srcset=\"https:\/\/adefis.eu\/wp-content\/uploads\/2026\/04\/Promoviendo-la-movilidad-internacional-juvenil-683x1024.png 683w, https:\/\/adefis.eu\/wp-content\/uploads\/2026\/04\/Promoviendo-la-movilidad-internacional-juvenil-200x300.png 200w, https:\/\/adefis.eu\/wp-content\/uploads\/2026\/04\/Promoviendo-la-movilidad-internacional-juvenil-768x1152.png 768w, https:\/\/adefis.eu\/wp-content\/uploads\/2026\/04\/Promoviendo-la-movilidad-internacional-juvenil-8x12.png 8w, https:\/\/adefis.eu\/wp-content\/uploads\/2026\/04\/Promoviendo-la-movilidad-internacional-juvenil.png 1024w\" sizes=\"(max-width: 683px) 100vw, 683px\" \/>\t\t\t\t\t\t\t\t\t\t\t\t\t\t\t<\/div>\n\t\t\t\t<\/div>\n\t\t\t\t\t<\/div>\n\t\t\t\t<\/div>\n\t\t<div class=\"jet-sticky-column elementor-element elementor-element-79574bc stack-panel p-3 e-flex e-con-boxed e-con e-child\" data-jet-settings=\"{&quot;id&quot;:&quot;79574bc&quot;,&quot;sticky&quot;:true,&quot;topSpacing&quot;:0,&quot;bottomSpacing&quot;:0,&quot;stickyOn&quot;:[&quot;desktop&quot;,&quot;tablet&quot;],&quot;behavior&quot;:&quot;default&quot;,&quot;zIndex&quot;:1100}\" data-id=\"79574bc\" data-element_type=\"container\" data-e-type=\"container\" data-settings=\"{&quot;jet_parallax_layout_list&quot;:[],&quot;background_background&quot;:&quot;classic&quot;}\">\n\t\t\t\t\t<div class=\"e-con-inner\">\n\t\t<div class=\"elementor-element elementor-element-9b1d2f2 e-con-full e-flex e-con e-child\" data-id=\"9b1d2f2\" data-element_type=\"container\" data-e-type=\"container\" data-settings=\"{&quot;jet_parallax_layout_list&quot;:[]}\">\n\t\t\t\t<div class=\"elementor-element elementor-element-c8d4d2a elementor-widget elementor-widget-heading\" data-id=\"c8d4d2a\" data-element_type=\"widget\" data-e-type=\"widget\" data-widget_type=\"heading.default\">\n\t\t\t\t\t<h2 class=\"elementor-heading-title elementor-size-default\">Program 3<\/h2>\t\t\t\t<\/div>\n\t\t\t\t<\/div>\n\t\t<div class=\"elementor-element elementor-element-d831c97 e-con-full e-flex e-con e-child\" data-id=\"d831c97\" data-element_type=\"container\" data-e-type=\"container\" data-settings=\"{&quot;jet_parallax_layout_list&quot;:[]}\">\n\t\t<div class=\"elementor-element elementor-element-d1b12d9 e-con-full e-flex e-con e-child\" data-id=\"d1b12d9\" data-element_type=\"container\" data-e-type=\"container\" data-settings=\"{&quot;jet_parallax_layout_list&quot;:[]}\">\n\t\t\t\t<div class=\"elementor-element elementor-element-4829321 elementor-widget elementor-widget-heading\" data-id=\"4829321\" data-element_type=\"widget\" data-e-type=\"widget\" data-widget_type=\"heading.default\">\n\t\t\t\t\t<h2 class=\"elementor-heading-title elementor-size-default\">Proyectos comunitarios<\/h2>\t\t\t\t<\/div>\n\t\t\t\t<div class=\"elementor-element elementor-element-4650394 elementor-widget elementor-widget-text-editor\" data-id=\"4650394\" data-element_type=\"widget\" data-e-type=\"widget\" data-widget_type=\"text-editor.default\">\n\t\t\t\t\t\t\t\t\t<p>Nuestras iniciativas comunitarias se centran en la inclusi\u00f3n social, la sostenibilidad y la participaci\u00f3n ciudadana. Trabajamos con socios locales e internacionales para dise\u00f1ar proyectos que respondan a necesidades reales de la comunidad y empoderen a los j\u00f3venes como agentes de cambio.<\/p>\t\t\t\t\t\t\t\t<\/div>\n\t\t\t\t<\/div>\n\t\t\t\t<div class=\"elementor-element elementor-element-a7280da elementor-widget elementor-widget-image\" data-id=\"a7280da\" data-element_type=\"widget\" data-e-type=\"widget\" data-widget_type=\"image.default\">\n\t\t\t\t\t\t\t\t\t\t\t\t\t\t\t<img loading=\"lazy\" decoding=\"async\" width=\"683\" height=\"1024\" src=\"https:\/\/adefis.eu\/wp-content\/uploads\/2026\/04\/Proyectos-comunitarios-e-inclusion-social-683x1024.png\" class=\"attachment-large size-large wp-image-326\" alt=\"\" srcset=\"https:\/\/adefis.eu\/wp-content\/uploads\/2026\/04\/Proyectos-comunitarios-e-inclusion-social-683x1024.png 683w, https:\/\/adefis.eu\/wp-content\/uploads\/2026\/04\/Proyectos-comunitarios-e-inclusion-social-200x300.png 200w, https:\/\/adefis.eu\/wp-content\/uploads\/2026\/04\/Proyectos-comunitarios-e-inclusion-social-768x1152.png 768w, https:\/\/adefis.eu\/wp-content\/uploads\/2026\/04\/Proyectos-comunitarios-e-inclusion-social-8x12.png 8w, https:\/\/adefis.eu\/wp-content\/uploads\/2026\/04\/Proyectos-comunitarios-e-inclusion-social.png 1024w\" sizes=\"(max-width: 683px) 100vw, 683px\" \/>\t\t\t\t\t\t\t\t\t\t\t\t\t\t\t<\/div>\n\t\t\t\t<\/div>\n\t\t\t\t\t<\/div>\n\t\t\t\t<\/div>\n\t\t<div class=\"jet-sticky-column elementor-element elementor-element-c0a54cc stack-panel p-4 e-flex e-con-boxed e-con e-child\" data-jet-settings=\"{&quot;id&quot;:&quot;c0a54cc&quot;,&quot;sticky&quot;:true,&quot;topSpacing&quot;:0,&quot;bottomSpacing&quot;:0,&quot;stickyOn&quot;:[&quot;desktop&quot;,&quot;tablet&quot;],&quot;behavior&quot;:&quot;default&quot;,&quot;zIndex&quot;:1100}\" data-id=\"c0a54cc\" data-element_type=\"container\" data-e-type=\"container\" data-settings=\"{&quot;jet_parallax_layout_list&quot;:[],&quot;background_background&quot;:&quot;classic&quot;}\">\n\t\t\t\t\t<div class=\"e-con-inner\">\n\t\t<div class=\"elementor-element elementor-element-397966b e-con-full e-flex e-con e-child\" data-id=\"397966b\" data-element_type=\"container\" data-e-type=\"container\" data-settings=\"{&quot;jet_parallax_layout_list&quot;:[]}\">\n\t\t\t\t<div class=\"elementor-element elementor-element-44b8f97 elementor-widget elementor-widget-heading\" data-id=\"44b8f97\" data-element_type=\"widget\" data-e-type=\"widget\" data-widget_type=\"heading.default\">\n\t\t\t\t\t<h2 class=\"elementor-heading-title elementor-size-default\">Program 4<\/h2>\t\t\t\t<\/div>\n\t\t\t\t<\/div>\n\t\t<div class=\"elementor-element elementor-element-97949ae e-con-full e-flex e-con e-child\" data-id=\"97949ae\" data-element_type=\"container\" data-e-type=\"container\" data-settings=\"{&quot;jet_parallax_layout_list&quot;:[]}\">\n\t\t<div class=\"elementor-element elementor-element-5277f00 e-con-full e-flex e-con e-child\" data-id=\"5277f00\" data-element_type=\"container\" data-e-type=\"container\" data-settings=\"{&quot;jet_parallax_layout_list&quot;:[]}\">\n\t\t\t\t<div class=\"elementor-element elementor-element-0bf5209 elementor-widget elementor-widget-heading\" data-id=\"0bf5209\" data-element_type=\"widget\" data-e-type=\"widget\" data-widget_type=\"heading.default\">\n\t\t\t\t\t<h2 class=\"elementor-heading-title elementor-size-default\">Oportunidades de voluntariado<\/h2>\t\t\t\t<\/div>\n\t\t\t\t<div class=\"elementor-element elementor-element-2e66a76 elementor-widget elementor-widget-text-editor\" data-id=\"2e66a76\" data-element_type=\"widget\" data-e-type=\"widget\" data-widget_type=\"text-editor.default\">\n\t\t\t\t\t\t\t\t\t<p>A trav\u00e9s de programas de voluntariado como el Cuerpo Europeo de Solidaridad, conectamos a los j\u00f3venes con proyectos significativos que les permiten adquirir experiencia internacional, desarrollar nuevas habilidades y contribuir positivamente a la sociedad.<\/p>\t\t\t\t\t\t\t\t<\/div>\n\t\t\t\t<\/div>\n\t\t\t\t<div class=\"elementor-element elementor-element-e91f437 elementor-widget elementor-widget-image\" data-id=\"e91f437\" data-element_type=\"widget\" data-e-type=\"widget\" data-widget_type=\"image.default\">\n\t\t\t\t\t\t\t\t\t\t\t\t\t\t\t<img loading=\"lazy\" decoding=\"async\" width=\"683\" height=\"1024\" src=\"https:\/\/adefis.eu\/wp-content\/uploads\/2026\/04\/Oportunidades-de-voluntariado-joven-en-Europa-683x1024.png\" class=\"attachment-large size-large wp-image-327\" alt=\"\" srcset=\"https:\/\/adefis.eu\/wp-content\/uploads\/2026\/04\/Oportunidades-de-voluntariado-joven-en-Europa-683x1024.png 683w, https:\/\/adefis.eu\/wp-content\/uploads\/2026\/04\/Oportunidades-de-voluntariado-joven-en-Europa-200x300.png 200w, https:\/\/adefis.eu\/wp-content\/uploads\/2026\/04\/Oportunidades-de-voluntariado-joven-en-Europa-768x1152.png 768w, https:\/\/adefis.eu\/wp-content\/uploads\/2026\/04\/Oportunidades-de-voluntariado-joven-en-Europa-8x12.png 8w, https:\/\/adefis.eu\/wp-content\/uploads\/2026\/04\/Oportunidades-de-voluntariado-joven-en-Europa.png 1024w\" sizes=\"(max-width: 683px) 100vw, 683px\" \/>\t\t\t\t\t\t\t\t\t\t\t\t\t\t\t<\/div>\n\t\t\t\t<\/div>\n\t\t\t\t\t<\/div>\n\t\t\t\t<\/div>\n\t\t\t\t<\/div>\n\t\t\t\t<\/div>\n\t\t<div class=\"elementor-element elementor-element-926e3d3 e-con-full e-flex e-con e-parent\" data-id=\"926e3d3\" data-element_type=\"container\" data-e-type=\"container\" data-settings=\"{&quot;jet_parallax_layout_list&quot;:[],&quot;background_background&quot;:&quot;classic&quot;}\">\n\t\t\t\t<div class=\"elementor-element elementor-element-fba911c elementor-widget elementor-widget-heading\" data-id=\"fba911c\" data-element_type=\"widget\" data-e-type=\"widget\" data-widget_type=\"heading.default\">\n\t\t\t\t\t<h2 class=\"elementor-heading-title elementor-size-default\">Mira nuestro instagram<\/h2>\t\t\t\t<\/div>\n\t\t\t\t<div class=\"elementor-element elementor-element-9b6d296 elementor-widget elementor-widget-text-editor\" data-id=\"9b6d296\" data-element_type=\"widget\" data-e-type=\"widget\" data-widget_type=\"text-editor.default\">\n\t\t\t\t\t\t\t\t\t<p>Mientras actualizamos nuestro contenido, puedes ver que nuestro instagram est\u00e1 con las \u00faltimas novedades <a href=\"https:\/\/www.instagram.com\/adefisjuventud\/\">@adefisjuventud<\/a><\/p>\t\t\t\t\t\t\t\t<\/div>\n\t\t<div class=\"elementor-element elementor-element-cf09656 e-flex e-con-boxed e-con e-child\" data-id=\"cf09656\" data-element_type=\"container\" data-e-type=\"container\" data-settings=\"{&quot;jet_parallax_layout_list&quot;:[]}\">\n\t\t\t\t\t<div class=\"e-con-inner\">\n\t\t\t\t<div class=\"elementor-element elementor-element-73a6d27 elementor-widget elementor-widget-jet-instagram-gallery\" data-id=\"73a6d27\" data-element_type=\"widget\" data-e-type=\"widget\" data-settings=\"{&quot;columns&quot;:&quot;4&quot;}\" data-widget_type=\"jet-instagram-gallery.default\">\n\t\t\t\t<div class=\"elementor-widget-container\">\n\t\t\t\t\t<div class=\"elementor-jet-instagram-gallery jet-elements\">\n<div class=\"jet-instagram-gallery__instance layout-type-grid col-row disable-cols-gap disable-rows-gap show-overlay-on-hover column-desktop-4 column-tablet-2 column-mobile-1\"  data-settings='{&quot;layoutType&quot;:&quot;grid&quot;,&quot;columns&quot;:4,&quot;columnsTablet&quot;:0,&quot;columnsMobile&quot;:0}'><div class=\"jet-instagram-gallery__item col-desk-4\"><div class=\"jet-instagram-gallery__inner\"><a class=\"jet-instagram-gallery__link\" href=\"https:\/\/www.instagram.com\/reel\/DXd-3uFgVZZ\/\" target=\"_blank\" rel=\"nofollow\"><div class=\"jet-instagram-gallery__media\"><img decoding=\"async\" class=\"jet-instagram-gallery__image\" src=\"https:\/\/scontent-fra5-1.cdninstagram.com\/v\/t51.82787-15\/671708024_18432310048187774_3565335113010427383_n.jpg?stp=dst-jpg_e35_tt6&#038;_nc_cat=100&#038;ccb=7-5&#038;_nc_sid=18de74&#038;efg=eyJlZmdfdGFnIjoiQ0xJUFMuYmVzdF9pbWFnZV91cmxnZW4uQzMifQ%3D%3D&#038;_nc_ohc=7J4-znQ9fbcQ7kNvwEXpf2b&#038;_nc_oc=AdpbR251G-CfPJVeLEMvbeJ3BMsfFqWq8UKtcM1N3Hz3znUNdCVj_zyIw_7ExPTT-z88l9ugIWiAbCZEX1itnk0l&#038;_nc_zt=23&#038;_nc_ht=scontent-fra5-1.cdninstagram.com&#038;edm=ANo9K5cEAAAA&#038;_nc_gid=-m3PmZnhEv4WJSzwI6fKWA&#038;_nc_tpa=Q5bMBQHxic2rk_GQt6rRg7mrPW-GdbIA6new0c8_YVteKLDjv_TIhek02Ag80lBTtD2Y4nF_Yj1zx_-S4w&#038;oh=00_Af4L2xLtpT3Ut_CEQlbNsE1SdHJUeWPHmzrBCP1qtaXrsA&#038;oe=69FD3E43\" alt=\"JOB SHADOWING EN MARRUECOS EPMODERAMIENTO DE LAS J&hellip;\" loading=\"lazy\"><\/div><div class=\"jet-instagram-gallery__content\"><div class=\"jet-instagram-gallery__caption\">JOB SHADOWING EN MARRUECOS EPMODERAMIENTO DE LAS J&hellip;<\/div><\/div><\/a><\/div><\/div><div class=\"jet-instagram-gallery__item col-desk-4\"><div class=\"jet-instagram-gallery__inner\"><a class=\"jet-instagram-gallery__link\" href=\"https:\/\/www.instagram.com\/reel\/DWmarBxAWhW\/\" target=\"_blank\" rel=\"nofollow\"><div class=\"jet-instagram-gallery__media\"><img decoding=\"async\" class=\"jet-instagram-gallery__image\" src=\"https:\/\/scontent-fra5-2.cdninstagram.com\/v\/t51.82787-15\/657525685_18427990138187774_8891179237531945667_n.jpg?stp=dst-jpg_e35_tt6&#038;_nc_cat=106&#038;ccb=7-5&#038;_nc_sid=18de74&#038;efg=eyJlZmdfdGFnIjoiQ0xJUFMuYmVzdF9pbWFnZV91cmxnZW4uQzMifQ%3D%3D&#038;_nc_ohc=AwCuyWaeeo0Q7kNvwFMuOrZ&#038;_nc_oc=Adp4AZSwkKQnTRrL73rKMghnxo8N0p459ZQxErydX8x41LIIrtVUcFStBXG9XF2NVTGV5FiItYwBbBuV-4gk1iMc&#038;_nc_zt=23&#038;_nc_ht=scontent-fra5-2.cdninstagram.com&#038;edm=ANo9K5cEAAAA&#038;_nc_gid=-m3PmZnhEv4WJSzwI6fKWA&#038;_nc_tpa=Q5bMBQGOX4Of3gBEtKmn3Mi1H-VzdMC2zP3FV1EVSZbADfwAXO21K49Qk0K8c6GHis0llQ8YQTtfmOS9Qg&#038;oh=00_Af7OZHMkQAhAGX1OmI61jSOsXV3mSxYSs-cMw11Ntsqqug&#038;oe=69FD52EE\" alt=\"JOB SHADOWING EN MARRUECOS EMPODERAMIENTO DE LAS J&hellip;\" loading=\"lazy\"><\/div><div class=\"jet-instagram-gallery__content\"><div class=\"jet-instagram-gallery__caption\">JOB SHADOWING EN MARRUECOS EMPODERAMIENTO DE LAS J&hellip;<\/div><\/div><\/a><\/div><\/div><div class=\"jet-instagram-gallery__item col-desk-4\"><div class=\"jet-instagram-gallery__inner\"><a class=\"jet-instagram-gallery__link\" href=\"https:\/\/www.instagram.com\/p\/DVLVvVajUfG\/\" target=\"_blank\" rel=\"nofollow\"><div class=\"jet-instagram-gallery__media\"><img decoding=\"async\" class=\"jet-instagram-gallery__image\" src=\"https:\/\/scontent-fra3-2.cdninstagram.com\/v\/t51.82787-15\/637832373_18422430772187774_8111278054492667874_n.jpg?stp=dst-jpg_e35_tt6&#038;_nc_cat=104&#038;ccb=7-5&#038;_nc_sid=18de74&#038;efg=eyJlZmdfdGFnIjoiQ0FST1VTRUxfSVRFTS5iZXN0X2ltYWdlX3VybGdlbi5DMyJ9&#038;_nc_ohc=eKngNFlynUoQ7kNvwHNpsMQ&#038;_nc_oc=AdrTlfEOmu8qumSqwAuEacCI9IZIBrv7-tRinOugolQpb_O7TSHaEgNcGcIHl4aBhqR0KJqW9elwqKLM9v0BZfTd&#038;_nc_zt=23&#038;_nc_ht=scontent-fra3-2.cdninstagram.com&#038;edm=ANo9K5cEAAAA&#038;_nc_gid=-m3PmZnhEv4WJSzwI6fKWA&#038;_nc_tpa=Q5bMBQGccQB6E9F61UUpghRomkk6H3Ff_V3rvAdnaUFvuNpKkEAMu4JFP1fw0oDUKQpnr39AyLfBW33pGg&#038;oh=00_Af6dm87pUVDLiIyhq9EOXDPy7vyvHSd_vgyqATtKmakCvg&#038;oe=69FD4F80\" alt=\"\ud83d\udce2 PARTICIPACI\u00d3N JUVENIL EN EUROPA \u2013 \u00bfTE APUNTAS? \u00bf&hellip;\" loading=\"lazy\"><\/div><div class=\"jet-instagram-gallery__content\"><div class=\"jet-instagram-gallery__caption\">\ud83d\udce2 PARTICIPACI\u00d3N JUVENIL EN EUROPA \u2013 \u00bfTE APUNTAS? \u00bf&hellip;<\/div><\/div><\/a><\/div><\/div><div class=\"jet-instagram-gallery__item col-desk-4\"><div class=\"jet-instagram-gallery__inner\"><a class=\"jet-instagram-gallery__link\" href=\"https:\/\/www.instagram.com\/p\/DVJI0u2CCR-\/\" target=\"_blank\" rel=\"nofollow\"><div class=\"jet-instagram-gallery__media\"><img decoding=\"async\" class=\"jet-instagram-gallery__image\" src=\"https:\/\/scontent-fra5-2.cdninstagram.com\/v\/t51.82787-15\/639933640_18422323249187774_4793596020064329174_n.jpg?stp=dst-jpg_e35_tt6&#038;_nc_cat=109&#038;ccb=7-5&#038;_nc_sid=18de74&#038;efg=eyJlZmdfdGFnIjoiQ0FST1VTRUxfSVRFTS5iZXN0X2ltYWdlX3VybGdlbi5DMyJ9&#038;_nc_ohc=dIE_uqsFIdsQ7kNvwG-7avT&#038;_nc_oc=AdqkgrIjNkEn4PAYhEYGqBkZeJvkz91mdI4kB5zN4g5l-O85VbvU5reArbwphMwMC2gnfoQ3pjicK8nI1U2CASlu&#038;_nc_zt=23&#038;_nc_ht=scontent-fra5-2.cdninstagram.com&#038;edm=ANo9K5cEAAAA&#038;_nc_gid=-m3PmZnhEv4WJSzwI6fKWA&#038;_nc_tpa=Q5bMBQEgR6xMlO57kElkmUaNiTQiy2MPDz2fGAkAE3Jo54cB11uwiALHyblN3-WP3C60TiJX1jsXsQ1oZg&#038;oh=00_Af783tubMzjmfBw0bBp63rjxU-7Ws1Gcx5tyq2mraa4jzA&#038;oe=69FD4FAB\" alt=\"\ud83c\uddf5\ud83c\uddf1 ESC Opportunity in Krak\u00f3w, Poland Ready to spen&hellip;\" loading=\"lazy\"><\/div><div class=\"jet-instagram-gallery__content\"><div class=\"jet-instagram-gallery__caption\">\ud83c\uddf5\ud83c\uddf1 ESC Opportunity in Krak\u00f3w, Poland Ready to spen&hellip;<\/div><\/div><\/a><\/div><\/div><div class=\"jet-instagram-gallery__item col-desk-4\"><div class=\"jet-instagram-gallery__inner\"><a class=\"jet-instagram-gallery__link\" href=\"https:\/\/www.instagram.com\/reel\/DU8ANQ7AWGg\/\" target=\"_blank\" rel=\"nofollow\"><div class=\"jet-instagram-gallery__media\"><img decoding=\"async\" class=\"jet-instagram-gallery__image\" src=\"https:\/\/scontent-fra5-1.cdninstagram.com\/v\/t51.82787-15\/632540591_18421673626187774_4661492362099801343_n.jpg?stp=dst-jpg_e35_tt6&#038;_nc_cat=100&#038;ccb=7-5&#038;_nc_sid=18de74&#038;efg=eyJlZmdfdGFnIjoiQ0xJUFMuYmVzdF9pbWFnZV91cmxnZW4uQzMifQ%3D%3D&#038;_nc_ohc=BoOFMTn9kLEQ7kNvwEgB_fs&#038;_nc_oc=Adra4RUfzllG46ZLidV6XcksXw5yksvCXuk_r7hpwyCU_g3P0P9EtwkivW1lIiWcsBKkXrZLpM8GRm3oE9usw3ll&#038;_nc_zt=23&#038;_nc_ht=scontent-fra5-1.cdninstagram.com&#038;edm=ANo9K5cEAAAA&#038;_nc_gid=-m3PmZnhEv4WJSzwI6fKWA&#038;_nc_tpa=Q5bMBQF1rOno-r3acsrwvoj_Iclqs7YcGneiu6FzoUYmFQ7aTBYQ3eoCpXwEFXteQkLi1tRbRzyJ-o6MfA&#038;oh=00_Af5bZblahnmFS4WqroBAQ6fmC4DLZjvGZQXVnWg_k5DAjQ&#038;oe=69FD3F94\" alt=\"We\u2019re three volunteers from North Macedonia curren&hellip;\" loading=\"lazy\"><\/div><div class=\"jet-instagram-gallery__content\"><div class=\"jet-instagram-gallery__caption\">We\u2019re three volunteers from North Macedonia curren&hellip;<\/div><\/div><\/a><\/div><\/div><div class=\"jet-instagram-gallery__item col-desk-4\"><div class=\"jet-instagram-gallery__inner\"><a class=\"jet-instagram-gallery__link\" href=\"https:\/\/www.instagram.com\/p\/DU0gj_kDVMK\/\" target=\"_blank\" rel=\"nofollow\"><div class=\"jet-instagram-gallery__media\"><img decoding=\"async\" class=\"jet-instagram-gallery__image\" src=\"https:\/\/scontent-fra3-1.cdninstagram.com\/v\/t51.82787-15\/629868352_18421206271187774_4834463068596831139_n.jpg?stp=dst-jpg_e35_tt6&#038;_nc_cat=103&#038;ccb=7-5&#038;_nc_sid=18de74&#038;efg=eyJlZmdfdGFnIjoiQ0FST1VTRUxfSVRFTS5iZXN0X2ltYWdlX3VybGdlbi5DMyJ9&#038;_nc_ohc=TF_aALEXtfcQ7kNvwGbwXEZ&#038;_nc_oc=Ado1ZMgi5fTZ0ors9VwhYF3V2AwsmB-57D2A91XW_CuamNTyyj1NKOMW1pIGIFpfV9sU9ARcBOzbDmon96-VJhNs&#038;_nc_zt=23&#038;_nc_ht=scontent-fra3-1.cdninstagram.com&#038;edm=ANo9K5cEAAAA&#038;_nc_gid=-m3PmZnhEv4WJSzwI6fKWA&#038;_nc_tpa=Q5bMBQE4ZPvKIUDR8BvPEz4CZpeg490mH4wP1jJimaCii_IqcTY7qSrYs1J8rubMYvrvq9004IjkgMh7wQ&#038;oh=00_Af4jybyjV8pgJYLf1sWhqX-MsOvpUT-e8Y-AfSHgjLkFog&#038;oe=69FD4128\" alt=\"\ud83c\uddee\ud83c\uddf9 ESC Volunteering in Italy (18\u201330) Spazio Europa&hellip;\" loading=\"lazy\"><\/div><div class=\"jet-instagram-gallery__content\"><div class=\"jet-instagram-gallery__caption\">\ud83c\uddee\ud83c\uddf9 ESC Volunteering in Italy (18\u201330) Spazio Europa&hellip;<\/div><\/div><\/a><\/div><\/div><div class=\"jet-instagram-gallery__item col-desk-4\"><div class=\"jet-instagram-gallery__inner\"><a class=\"jet-instagram-gallery__link\" href=\"https:\/\/www.instagram.com\/p\/DUvco1ajYqG\/\" target=\"_blank\" rel=\"nofollow\"><div class=\"jet-instagram-gallery__media\"><img decoding=\"async\" class=\"jet-instagram-gallery__image\" src=\"https:\/\/scontent-fra3-2.cdninstagram.com\/v\/t51.82787-15\/632426842_18420660619187774_6877319252275789900_n.jpg?stp=dst-jpg_e35_tt6&#038;_nc_cat=111&#038;ccb=7-5&#038;_nc_sid=18de74&#038;efg=eyJlZmdfdGFnIjoiQ0FST1VTRUxfSVRFTS5iZXN0X2ltYWdlX3VybGdlbi5DMyJ9&#038;_nc_ohc=uBdkfQ0evmoQ7kNvwEofoG6&#038;_nc_oc=AdqBk8413aOZ58aLyfb0XRdSjwX3i5CAvCD2BPJL_hibd5raJ6qs_SOi5Is3umh1F4kQaxGBrI-iWuKuQMzjLbu6&#038;_nc_zt=23&#038;_nc_ht=scontent-fra3-2.cdninstagram.com&#038;edm=ANo9K5cEAAAA&#038;_nc_gid=-m3PmZnhEv4WJSzwI6fKWA&#038;_nc_tpa=Q5bMBQGT19AX7-XJNHR22_LEmLtpHy1fJubrVfj_oQDALkoLdjhmoaM88JpznTmhkv6SqnvUwxCnEzw95w&#038;oh=00_Af43b_wsWglS1NpmkZTmVuf4UK5tCHsOi0gVyJb5tw1IHw&#038;oe=69FD46CD\" alt=\"\ud83c\udf0d FROM SOLIDARITY TO ACTION \u2013 LUXEMBURGO 2026 \ud83c\uddf1\ud83c\uddfa \u00bf&hellip;\" loading=\"lazy\"><\/div><div class=\"jet-instagram-gallery__content\"><div class=\"jet-instagram-gallery__caption\">\ud83c\udf0d FROM SOLIDARITY TO ACTION \u2013 LUXEMBURGO 2026 \ud83c\uddf1\ud83c\uddfa \u00bf&hellip;<\/div><\/div><\/a><\/div><\/div><div class=\"jet-instagram-gallery__item col-desk-4\"><div class=\"jet-instagram-gallery__inner\"><a class=\"jet-instagram-gallery__link\" href=\"https:\/\/www.instagram.com\/reel\/DUIjRrGgSq6\/\" target=\"_blank\" rel=\"nofollow\"><div class=\"jet-instagram-gallery__media\"><img decoding=\"async\" class=\"jet-instagram-gallery__image\" src=\"https:\/\/scontent-fra5-1.cdninstagram.com\/v\/t51.82787-15\/624060129_18417475870187774_8388795894702685144_n.jpg?stp=dst-jpg_e35_tt6&#038;_nc_cat=110&#038;ccb=7-5&#038;_nc_sid=18de74&#038;efg=eyJlZmdfdGFnIjoiQ0xJUFMuYmVzdF9pbWFnZV91cmxnZW4uQzMifQ%3D%3D&#038;_nc_ohc=1nmAe1Mj0OYQ7kNvwFBJ-Cb&#038;_nc_oc=Adqx7ORvW4zBhW5ypQGPpufW5xfxplh0xAyFVTVDf5iwpAb0kf4qQfx34xAL1qy0vCVzQhjAEz8g1WXzaEhY2-ml&#038;_nc_zt=23&#038;_nc_ht=scontent-fra5-1.cdninstagram.com&#038;edm=ANo9K5cEAAAA&#038;_nc_gid=-m3PmZnhEv4WJSzwI6fKWA&#038;_nc_tpa=Q5bMBQE7OO9Ss6y4v3JUyK9OS0I8hwj8aVJo1mC3tIm4mbqeAevooDbxSArjOqN4p3tgvwST6PK3QCh5Uw&#038;oh=00_Af7kjgkxLA_XNxN7mMyWrsM_zMX1DEAEDRy4YY9ks6M_Vw&#038;oe=69FD4A41\" alt=\"Proyecto de ERASMUS+ ADULTOS KA 122 de Adefis a\u00f1o&hellip;\" loading=\"lazy\"><\/div><div class=\"jet-instagram-gallery__content\"><div class=\"jet-instagram-gallery__caption\">Proyecto de ERASMUS+ ADULTOS KA 122 de Adefis a\u00f1o&hellip;<\/div><\/div><\/a><\/div><\/div><\/div>\n<\/div>\t\t\t\t<\/div>\n\t\t\t\t<\/div>\n\t\t\t\t\t<\/div>\n\t\t\t\t<\/div>\n\t\t\t\t<\/div>\n\t\t\t\t<\/div>\n\t\t","protected":false},"excerpt":{"rendered":"<p>Empoderando a los j\u00f3venes a trav\u00e9s del voluntariado y la cooperaci\u00f3n internacional Adefis Juventud Internacional crea oportunidades para que los [&hellip;]<\/p>\n","protected":false},"author":1,"featured_media":0,"parent":0,"menu_order":0,"comment_status":"closed","ping_status":"closed","template":"","meta":{"site-sidebar-layout":"no-sidebar","site-content-layout":"","ast-site-content-layout":"full-width-container","site-content-style":"default","site-sidebar-style":"default","ast-global-header-display":"","ast-banner-title-visibility":"","ast-main-header-display":"","ast-hfb-above-header-display":"","ast-hfb-below-header-display":"","ast-hfb-mobile-header-display":"","site-post-title":"disabled","ast-breadcrumbs-content":"","ast-featured-img":"disabled","footer-sml-layout":"","ast-disable-related-posts":"","theme-transparent-header-meta":"","adv-header-id-meta":"","stick-header-meta":"","header-above-stick-meta":"","header-main-stick-meta":"","header-below-stick-meta":"","astra-migrate-meta-layouts":"default","ast-page-background-enabled":"default","ast-page-background-meta":{"desktop":{"background-color":"var(--ast-global-color-5)","background-image":"","background-repeat":"repeat","background-position":"center center","background-size":"auto","background-attachment":"scroll","background-type":"","background-media":"","overlay-type":"","overlay-color":"","overlay-opacity":"","overlay-gradient":""},"tablet":{"background-color":"","background-image":"","background-repeat":"repeat","background-position":"center center","background-size":"auto","background-attachment":"scroll","background-type":"","background-media":"","overlay-type":"","overlay-color":"","overlay-opacity":"","overlay-gradient":""},"mobile":{"background-color":"","background-image":"","background-repeat":"repeat","background-position":"center center","background-size":"auto","background-attachment":"scroll","background-type":"","background-media":"","overlay-type":"","overlay-color":"","overlay-opacity":"","overlay-gradient":""}},"ast-content-background-meta":{"desktop":{"background-color":"var(--ast-global-color-4)","background-image":"","background-repeat":"repeat","background-position":"center center","background-size":"auto","background-attachment":"scroll","background-type":"","background-media":"","overlay-type":"","overlay-color":"","overlay-opacity":"","overlay-gradient":""},"tablet":{"background-color":"var(--ast-global-color-4)","background-image":"","background-repeat":"repeat","background-position":"center center","background-size":"auto","background-attachment":"scroll","background-type":"","background-media":"","overlay-type":"","overlay-color":"","overlay-opacity":"","overlay-gradient":""},"mobile":{"background-color":"var(--ast-global-color-4)","background-image":"","background-repeat":"repeat","background-position":"center center","background-size":"auto","background-attachment":"scroll","background-type":"","background-media":"","overlay-type":"","overlay-color":"","overlay-opacity":"","overlay-gradient":""}},"footnotes":""},"class_list":["post-11","page","type-page","status-publish","hentry"],"_hostinger_reach_plugin_has_subscription_block":false,"_hostinger_reach_plugin_is_elementor":false,"_links":{"self":[{"href":"https:\/\/adefis.eu\/es\/wp-json\/wp\/v2\/pages\/11","targetHints":{"allow":["GET"]}}],"collection":[{"href":"https:\/\/adefis.eu\/es\/wp-json\/wp\/v2\/pages"}],"about":[{"href":"https:\/\/adefis.eu\/es\/wp-json\/wp\/v2\/types\/page"}],"author":[{"embeddable":true,"href":"https:\/\/adefis.eu\/es\/wp-json\/wp\/v2\/users\/1"}],"replies":[{"embeddable":true,"href":"https:\/\/adefis.eu\/es\/wp-json\/wp\/v2\/comments?post=11"}],"version-history":[{"count":39,"href":"https:\/\/adefis.eu\/es\/wp-json\/wp\/v2\/pages\/11\/revisions"}],"predecessor-version":[{"id":330,"href":"https:\/\/adefis.eu\/es\/wp-json\/wp\/v2\/pages\/11\/revisions\/330"}],"wp:attachment":[{"href":"https:\/\/adefis.eu\/es\/wp-json\/wp\/v2\/media?parent=11"}],"curies":[{"name":"wp","href":"https:\/\/api.w.org\/{rel}","templated":true}]}}